{"id":379,"date":"2023-03-26T09:46:03","date_gmt":"2023-03-26T09:46:03","guid":{"rendered":"https:\/\/ppk.eitcon.com\/?page_id=379"},"modified":"2025-12-02T15:03:22","modified_gmt":"2025-12-02T15:03:22","slug":"valtuuskunta","status":"publish","type":"page","link":"https:\/\/porinprikaatinkilta.fi\/?page_id=379","title":{"rendered":"Valtuuskunta"},"content":{"rendered":"<h3>Puheenjohtaja<\/h3>\n<p>Olli Nepponen<\/p>\n<h3>Varapuheenjohtaja<\/h3>\n<p>Jami Virta<\/p>\n<h3>J\u00e4senet<\/h3>\n<ul>\n<li>Tapani Mikola<\/li>\n<li>Markku Aherto<\/li>\n<li>Esko Eela<\/li>\n<li>Pentti Eskola<\/li>\n<li>Pekka Hakam\u00e4ki<\/li>\n<li>Markku Heinonen<\/li>\n<li>Timo Honkala<\/li>\n<li>Lauri Inna<\/li>\n<li>Mika Kalliomaa<\/li>\n<li>Vesa Keskinen<\/li>\n<li>Jukka Kianen<\/li>\n<li>Pekka Kinkku<\/li>\n<li>Jorma Koivisto<\/li>\n<li>Ilkka Koota<\/li>\n<li>Aino-Maija Luukkonen<\/li>\n<li>Teijo M\u00e4enp\u00e4\u00e4<\/li>\n<li>Esa M\u00e4ki<\/li>\n<li>Heikki M\u00e4ki<\/li>\n<li>Timo M\u00e4ki<\/li>\n<li>Minna Nenonen<\/li>\n<li>Markku Nikkil\u00e4<\/li>\n<li>Heikki M. Nurmi<\/li>\n<li>Arto-Pekka Nurminen<\/li>\n<li>Juha Pyyk\u00f6nen<\/li>\n<li>Eero Py\u00f6tsi\u00e4<\/li>\n<li>Vesa Rantala<\/li>\n<li>Pertti Ratsula<\/li>\n<li>Arto R\u00e4ty<\/li>\n<li>Rami Saari<\/li>\n<li>Pertti Salminen<\/li>\n<li>Matti Soini<\/li>\n<li>Kalevi Suvila<\/li>\n<li>Kimmo Tuomi<\/li>\n<li>Vesa Valtonen<\/li>\n<li>Seppo Verronen<\/li>\n<li>Hannu Viitanen<\/li>\n<li>Tarja Wiikinkoski<\/li>\n<\/ul>\n","protected":false},"excerpt":{"rendered":"<p>Puheenjohtaja Olli Nepponen Varapuheenjohtaja Jami Virta J\u00e4senet Tapani Mikola Markku Aherto Esko Eela Pentti Eskola Pekka Hakam\u00e4ki Markku Heinonen Timo &#8230; <\/p>\n<p class=\"read-more-container\"><a title=\"Valtuuskunta\" class=\"read-more button\" href=\"https:\/\/porinprikaatinkilta.fi\/?page_id=379#more-379\" aria-label=\"Lue lis\u00e4\u00e4 aiheesta Valtuuskunta\">Lue lis\u00e4\u00e4<\/a><\/p>\n","protected":false},"author":1,"featured_media":0,"parent":375,"menu_order":0,"comment_status":"closed","ping_status":"closed","template":"","meta":{"footnotes":""},"class_list":["post-379","page","type-page","status-publish"],"_links":{"self":[{"href":"https:\/\/porinprikaatinkilta.fi\/index.php?rest_route=\/wp\/v2\/pages\/379","targetHints":{"allow":["GET"]}}],"collection":[{"href":"https:\/\/porinprikaatinkilta.fi\/index.php?rest_route=\/wp\/v2\/pages"}],"about":[{"href":"https:\/\/porinprikaatinkilta.fi\/index.php?rest_route=\/wp\/v2\/types\/page"}],"author":[{"embeddable":true,"href":"https:\/\/porinprikaatinkilta.fi\/index.php?rest_route=\/wp\/v2\/users\/1"}],"replies":[{"embeddable":true,"href":"https:\/\/porinprikaatinkilta.fi\/index.php?rest_route=%2Fwp%2Fv2%2Fcomments&post=379"}],"version-history":[{"count":19,"href":"https:\/\/porinprikaatinkilta.fi\/index.php?rest_route=\/wp\/v2\/pages\/379\/revisions"}],"predecessor-version":[{"id":1234,"href":"https:\/\/porinprikaatinkilta.fi\/index.php?rest_route=\/wp\/v2\/pages\/379\/revisions\/1234"}],"up":[{"embeddable":true,"href":"https:\/\/porinprikaatinkilta.fi\/index.php?rest_route=\/wp\/v2\/pages\/375"}],"wp:attachment":[{"href":"https:\/\/porinprikaatinkilta.fi\/index.php?rest_route=%2Fwp%2Fv2%2Fmedia&parent=379"}],"curies":[{"name":"wp","href":"https:\/\/api.w.org\/{rel}","templated":true}]}}